{"id":3347,"date":"2024-04-25T08:05:57","date_gmt":"2024-04-25T08:05:57","guid":{"rendered":"https:\/\/www.vanoo21.nl\/privacyverklaring\/"},"modified":"2025-04-22T09:16:09","modified_gmt":"2025-04-22T09:16:09","slug":"privacyverklaring","status":"publish","type":"page","link":"https:\/\/www.american-appliances.eu\/fr\/privacyverklaring\/","title":{"rendered":"D\u00e9claration de confidentialit\u00e9"},"content":{"rendered":"<p>[vc_row rt_row_background_width=\u00a0\u00bbfullwidth\u00a0\u00bb rt_row_content_width=\u00a0\u00bbdefault\u00a0\u00bb rt_row_style=\u00a0\u00bbdefault-style\u00a0\u00bb rt_row_height=\u00a0\u00bb\u00a0\u00bb rt_column_gaps=\u00a0\u00bb\u00a0\u00bb rt_row_shadows=\u00a0\u00bb\u00a0\u00bb rt_row_borders=\u00a0\u00bb\u00a0\u00bb rt_bg_effect=\u00a0\u00bbclassic\u00a0\u00bb rt_bg_image_repeat=\u00a0\u00bbrepeat\u00a0\u00bb rt_bg_size=\u00a0\u00bbcover\u00a0\u00bb rt_bg_position=\u00a0\u00bbright top\u00a0\u00bb rt_bg_attachment=\u00a0\u00bbscroll\u00a0\u00bb rt_bg_layer=\u00a0\u00bb\u00a0\u00bb rt_bg_video_format=\u00a0\u00bbself-hosted\u00a0\u00bb rt_class=\u00a0\u00bbrt-7427137&Prime; rt_paddings=\u00a0\u00bb,75,,\u00a0\u00bb rt_margins=\u00a0\u00bb,,,\u00a0\u00bb rt_content_margins=\u00a0\u00bb,,,\u00a0\u00bb rt_tablet_paddings=\u00a0\u00bb,,,\u00a0\u00bb rt_tablet_margins=\u00a0\u00bb,,,\u00a0\u00bb rt_tablet_content_margins=\u00a0\u00bb,,,\u00a0\u00bb rt_sp_paddings=\u00a0\u00bb,,,\u00a0\u00bb rt_sp_margins=\u00a0\u00bb,,,\u00a0\u00bb rt_sp_content_margins=\u00a0\u00bb,,,\u00a0\u00bb][vc_column rt_bg_effect=\u00a0\u00bbclassic\u00a0\u00bb rt_bg_image_repeat=\u00a0\u00bbrepeat\u00a0\u00bb rt_bg_size=\u00a0\u00bbauto auto\u00a0\u00bb rt_bg_position=\u00a0\u00bbright top\u00a0\u00bb rt_bg_attachment=\u00a0\u00bbscroll\u00a0\u00bb][vc_column_text css=\u00a0\u00bb\u00a0\u00bb]<\/p>\n<h1><strong>D\u00e9claration de confidentialit\u00e9 American Appliances BV<\/strong><\/h1>\n<p>American Appliances BV traite les donn\u00e9es personnelles de ses clients, clients potentiels et autres contacts. Nous le faisons afin de pouvoir ex\u00e9cuter un \u00e9ventuel accord. Dans cette d\u00e9claration de confidentialit\u00e9, nous expliquons pourquoi et comment nous traitons vos donn\u00e9es personnelles.<\/p>\n<p>Nous n&#8217;employons pas de d\u00e9l\u00e9gu\u00e9 \u00e0 la protection des donn\u00e9es, mais nous serons heureux de r\u00e9pondre \u00e0 toutes vos questions concernant notre politique de confidentialit\u00e9 \u00e0\u00a0<a href=\"mailto:info@am-ap.eu\">info@am-ap.eu<\/a><\/p>\n<h1><strong>Quelles donn\u00e9es personnelles American Appliances BV traite-t-elle\u00a0?<\/strong><\/h1>\n<p>Vous trouverez ci-dessous un aper\u00e7u des donn\u00e9es personnelles que nous pouvons traiter, en fonction des produits ou services que vous achetez ou utilisez :<\/p>\n<ul>\n<li>Pr\u00e9nom et nom<\/li>\n<li>Adresse<\/li>\n<li>Lieu de r\u00e9sidence<\/li>\n<li>Num\u00e9ro de t\u00e9l\u00e9phone<\/li>\n<li>Adresse e-mail<\/li>\n<li>Nom de l&rsquo;entreprise<\/li>\n<li>Coordonn\u00e9es de l&rsquo;entreprise<\/li>\n<li>Donn\u00e9es de localisation<\/li>\n<li>Historique des contacts<\/li>\n<\/ul>\n<p>Autres donn\u00e9es personnelles que vous fournissez activement, par exemple en vous inscrivant sur notre site Web, dans la correspondance et par t\u00e9l\u00e9phone<\/p>\n<ul>\n<li>Obligations l\u00e9gales<\/li>\n<\/ul>\n<p>Une petite partie de notre traitement est requise par la loi. Il s\u2019agit principalement de donn\u00e9es personnelles n\u00e9cessaires au respect de nos obligations fiscales.<\/p>\n<ul>\n<li>Bulletins d&rsquo;information et mailings<\/li>\n<\/ul>\n<p>Nous envoyons occasionnellement des newsletters et\/ou des mailings. Parfois, ceux-ci sont personnalis\u00e9s en fonction de certaines actions que vous avez effectu\u00e9es ou de produits et\/ou services que vous achetez chez nous. Vous avez toujours la possibilit\u00e9 d&rsquo;ajuster vos pr\u00e9f\u00e9rences pour recevoir des newsletters et des mailings.<\/p>\n<h1><strong>Prise de d\u00e9cision automatis\u00e9e<\/strong><\/h1>\n<p>American Appliances BV ne prend pas de d\u00e9cisions bas\u00e9es sur un traitement automatis\u00e9 (algorithmes) qui pourraient avoir des cons\u00e9quences n\u00e9fastes pour vous.<\/p>\n<h1><strong>Droits des personnes concern\u00e9es<\/strong><\/h1>\n<p>En vertu du RGPD, chacun dispose d\u2019un certain nombre de droits. Nous mettons tout en \u0153uvre pour respecter cette r\u00e8gle. Avez-vous des conseils ou des commentaires ? Alors faites-le nous savoir ! Pour exercer vos droits, vous pouvez nous contacter via <a href=\"mailto:info@am-ap.eu\">info@am-ap.eu<\/a><\/p>\n<ul>\n<li><strong>Information et acc\u00e8s\u00a0:<\/strong> Vous pouvez bien entendu consulter les donn\u00e9es personnelles que nous traitons \u00e0 votre sujet. Nous aimerions donc vous en dire plus sur la mani\u00e8re dont nous traitons ces donn\u00e9es et sur les raisons pour lesquelles nous les traitons.\n<li><strong>Correction\u00a0:<\/strong> Pensez-vous que nous avons des informations incorrectes \u00e0 votre sujet\u00a0? Veuillez nous le faire savoir et nous l&rsquo;ajusterons.<\/li>\n<li><strong>Droit \u00e0 l&rsquo;oubli\u00a0:<\/strong> vous pouvez faire supprimer les donn\u00e9es personnelles que nous d\u00e9tenons \u00e0 votre sujet. Nous pouvons encore avoir besoin de traiter ces donn\u00e9es \u00e0 d\u2019autres fins (administration ou d\u00e9duplication, par exemple).<\/li>\n<li><strong>Restriction\u00a0:<\/strong> Si vous pensez que nous traitons vos donn\u00e9es personnelles de mani\u00e8re ill\u00e9gale ou incorrecte, vous pouvez \u00e9galement demander que ce traitement soit restreint.<\/li>\n<li><strong>Objection (opposition)\u00a0:<\/strong> vous pouvez vous opposer au traitement de vos donn\u00e9es personnelles. Est-ce une question de marketing ? Nous mettrons alors fin \u00e0 ce traitement d\u00e8s que possible.<\/li>\n<li><strong>Portabilit\u00e9\u00a0:<\/strong> il s\u2019agit d\u2019un nouveau droit pr\u00e9vu par le RGPD permettant de transf\u00e9rer vos donn\u00e9es personnelles. Si vous souhaitez l&rsquo;utiliser, veuillez nous contacter.<\/li>\n<\/ul>\n<p>De plus, vous pouvez \u00e9galement :<\/p>\n<ul>\n<li><strong>Retirer son consentement : par exemple, pour recevoir des e-mails. Si vous souhaitez retirer votre consentement pour tout autre traitement, vous pouvez nous contacter. Cela peut \u00eatre fait via\u00a0<a href=\"mailto:info@am-ap.eu\">info@am-ap.eu<\/a><\/li>\n<li><strong>D\u00e9posez une plainte aupr\u00e8s de l&rsquo;Autorit\u00e9 n\u00e9erlandaise de protection des donn\u00e9es (AP) : Pensez-vous que nous n&rsquo;agissons pas conform\u00e9ment \u00e0 la l\u00e9gislation sur la protection de la vie priv\u00e9e ? Alors bien s\u00fbr, nous aimerions entendre cela. Vous pouvez \u00e9galement d\u00e9poser une plainte \u00e0 ce sujet aupr\u00e8s de l&rsquo;AP apr\u00e8s le 25 mai 2018.\n<\/ul>\n<p><\/p>\n<h1><strong>Combien de temps conservons-nous vos donn\u00e9es personnelles\u00a0?<\/strong><\/h1>\n<p>Les donn\u00e9es personnelles ne peuvent \u00eatre conserv\u00e9es plus longtemps que n\u00e9cessaire. La dur\u00e9e de conservation d\u00e9pend de la finalit\u00e9 pour laquelle nous avons obtenu ou collect\u00e9 les donn\u00e9es et de toute obligation l\u00e9gale de conservation des donn\u00e9es.<\/p>\n<p>Si vous nous avez demand\u00e9 un devis mais que vous n&rsquo;\u00eates pas devenu notre client, nous supprimerons vos donn\u00e9es au plus tard deux ans apr\u00e8s notre dernier contact. M\u00eame si nous avons re\u00e7u un devis de votre part, mais que nous ne sommes pas devenus votre client, vos donn\u00e9es personnelles seront supprim\u00e9es au plus tard deux ans apr\u00e8s notre dernier contact. Si vous \u00eates devenu notre client ou si nous sommes devenus votre client, nous conserverons vos donn\u00e9es personnelles pendant une p\u00e9riode de sept ans apr\u00e8s la fin de l&rsquo;exercice au cours duquel l&rsquo;accord avec vous a \u00e9t\u00e9 enti\u00e8rement ex\u00e9cut\u00e9. Le d\u00e9lai de sept ans correspond \u00e0 la p\u00e9riode pendant laquelle nous sommes tenus de conserver notre administration aupr\u00e8s de l&rsquo;Administration Fiscale. Apr\u00e8s cette p\u00e9riode, nous allons supprimer les donn\u00e9es personnelles.<\/p>\n<h1><strong>Base du traitement<\/strong><\/h1>\n<p>Comme expliqu\u00e9 ci-dessus, nous traitons certaines donn\u00e9es pour remplir une obligation l\u00e9gale, certaines pour remplir un accord et la plupart pour r\u00e9pondre \u00e0 l&rsquo;int\u00e9r\u00eat l\u00e9gitime d&rsquo;American Appliances BV : r\u00e9aliser notre objectif. Si vous souhaitez en savoir plus sur les consid\u00e9rations que nous prenons en compte concernant l\u2019int\u00e9r\u00eat l\u00e9gitime, veuillez nous contacter.<\/p>\n<h1><strong>Transfert \u00e0 des tiers<\/strong><\/h1>\n<p>Dans le cadre de l\u2019ex\u00e9cution d\u2019un \u00e9ventuel accord avec vous, nous pouvons \u00eatre amen\u00e9s \u00e0 fournir vos donn\u00e9es personnelles \u00e0 des parties qui nous fournissent des produits et\/ou des services ou effectuent des travaux en notre nom. Nous utilisons \u00e9galement un espace serveur externe pour le stockage de (certaines parties de) notre administration des ventes et des achats, dont vos donn\u00e9es personnelles font partie. Pour cette raison, vos donn\u00e9es personnelles seront transmises \u00e0 notre fournisseur d&rsquo;espace serveur.<\/p>\n<h1><strong>Comment<\/strong><strong>American Appliances BV<\/strong><strong>s\u00e9curise<\/strong><\/h1>\n<p> vos donn\u00e9es personnelles<br \/>Nous prenons la protection de vos donn\u00e9es au s\u00e9rieux et prenons les mesures appropri\u00e9es pour emp\u00eacher toute utilisation abusive, perte, acc\u00e8s non autoris\u00e9, divulgation non d\u00e9sir\u00e9e et modification non autoris\u00e9e. Si vous pensez que vos donn\u00e9es ne sont pas correctement s\u00e9curis\u00e9es ou qu&rsquo;il existe des indications d&rsquo;utilisation abusive, veuillez nous contacter via <a href=\"mailto:info@am-ap.eu\">info@am-ap.eu<\/a><\/p>\n<p>Nous avons pris les mesures suivantes pour prot\u00e9ger vos donn\u00e9es personnelles :<\/p>\n<ul>\n<li>Les serveurs et appareils de nos employ\u00e9s sont \u00e9quip\u00e9s de logiciels de s\u00e9curit\u00e9 \u00e0 jour, tels qu&rsquo;un antivirus et un pare-feu.<\/li>\n<li>Nous envoyons vos donn\u00e9es uniquement via des connexions Internet s\u00e9curis\u00e9es (SSL). Vous pouvez le voir dans la barre d&rsquo;adresse \u00ab\u00a0https\u00a0\u00bb et le cadenas.<\/li>\n<li>L\u2019acc\u00e8s aux donn\u00e9es personnelles \u00e0 partir d\u2019appareils mobiles est restreint et activement surveill\u00e9.<\/li>\n<\/ul>\n<p>DKIM sont des normes Internet que nous utilisons pour vous emp\u00eacher de recevoir des e-mails en notre nom qui contiennent des virus, sont des spams ou sont destin\u00e9s \u00e0 obtenir des donn\u00e9es personnelles (de connexion).[\/vc_column_text][\/vc_column][\/vc_row]<\/p>\n","protected":false},"excerpt":{"rendered":"<p>[vc_row rt_row_background_width=\u00a0\u00bbfullwidth\u00a0\u00bb rt_row_content_width=\u00a0\u00bbdefault\u00a0\u00bb rt_row_style=\u00a0\u00bbdefault-style\u00a0\u00bb rt_row_height=\u00a0\u00bb\u00a0\u00bb rt_column_gaps=\u00a0\u00bb\u00a0\u00bb rt_row_shadows=\u00a0\u00bb\u00a0\u00bb rt_row_borders=\u00a0\u00bb\u00a0\u00bb rt_bg_effect=\u00a0\u00bbclassic\u00a0\u00bb rt_bg_image_repeat=\u00a0\u00bbrepeat\u00a0\u00bb rt_bg_size=\u00a0\u00bbcover\u00a0\u00bb rt_bg_position=\u00a0\u00bbright top\u00a0\u00bb rt_bg_attachment=\u00a0\u00bbscroll\u00a0\u00bb rt_bg_layer=\u00a0\u00bb\u00a0\u00bb rt_bg_video_format=\u00a0\u00bbself-hosted\u00a0\u00bb rt_class=\u00a0\u00bbrt-7427137&Prime; rt_paddings=\u00a0\u00bb,75,,\u00a0\u00bb rt_margins=\u00a0\u00bb,,,\u00a0\u00bb rt_content_margins=\u00a0\u00bb,,,\u00a0\u00bb rt_tablet_paddings=\u00a0\u00bb,,,\u00a0\u00bb rt_tablet_margins=\u00a0\u00bb,,,\u00a0\u00bb rt_tablet_content_margins=\u00a0\u00bb,,,\u00a0\u00bb rt_sp_paddings=\u00a0\u00bb,,,\u00a0\u00bb rt_sp_margins=\u00a0\u00bb,,,\u00a0\u00bb rt_sp_content_margins=\u00a0\u00bb,,,\u00a0\u00bb][vc_column rt_bg_effect=\u00a0\u00bbclassic\u00a0\u00bb rt_bg_image_repeat=\u00a0\u00bbrepeat\u00a0\u00bb rt_bg_size=\u00a0\u00bbauto auto\u00a0\u00bb rt_bg_position=\u00a0\u00bbright top\u00a0\u00bb rt_bg_attachment=\u00a0\u00bbscroll\u00a0\u00bb][vc_column_text css=\u00a0\u00bb\u00a0\u00bb] D\u00e9claration de confidentialit\u00e9 American Appliances BV American Appliances BV traite les donn\u00e9es personnelles de ses clients, clients potentiels et autres contacts. [&hellip;]<\/p>\n","protected":false},"author":1,"featured_media":0,"parent":0,"menu_order":0,"comment_status":"closed","ping_status":"closed","template":"","meta":{"inline_featured_image":false,"footnotes":""},"class_list":["post-3347","page","type-page","status-publish","hentry"],"_links":{"self":[{"href":"https:\/\/www.american-appliances.eu\/fr\/wp-json\/wp\/v2\/pages\/3347","targetHints":{"allow":["GET"]}}],"collection":[{"href":"https:\/\/www.american-appliances.eu\/fr\/wp-json\/wp\/v2\/pages"}],"about":[{"href":"https:\/\/www.american-appliances.eu\/fr\/wp-json\/wp\/v2\/types\/page"}],"author":[{"embeddable":true,"href":"https:\/\/www.american-appliances.eu\/fr\/wp-json\/wp\/v2\/users\/1"}],"replies":[{"embeddable":true,"href":"https:\/\/www.american-appliances.eu\/fr\/wp-json\/wp\/v2\/comments?post=3347"}],"version-history":[{"count":3,"href":"https:\/\/www.american-appliances.eu\/fr\/wp-json\/wp\/v2\/pages\/3347\/revisions"}],"predecessor-version":[{"id":3350,"href":"https:\/\/www.american-appliances.eu\/fr\/wp-json\/wp\/v2\/pages\/3347\/revisions\/3350"}],"wp:attachment":[{"href":"https:\/\/www.american-appliances.eu\/fr\/wp-json\/wp\/v2\/media?parent=3347"}],"curies":[{"name":"wp","href":"https:\/\/api.w.org\/{rel}","templated":true}]}}