{"id":3000,"date":"2024-04-25T08:05:57","date_gmt":"2024-04-25T08:05:57","guid":{"rendered":"https:\/\/www.vanoo21.nl\/?page_id=3000"},"modified":"2025-04-10T14:32:27","modified_gmt":"2025-04-10T14:32:27","slug":"datenschutzerklaerung","status":"publish","type":"page","link":"https:\/\/www.american-appliances.eu\/de\/datenschutzerklaerung\/","title":{"rendered":"Datenschutzerkl\u00e4rung"},"content":{"rendered":"<p>[vc_row rt_row_background_width=&#8220;fullwidth&#8220; rt_row_content_width=&#8220;default&#8220; rt_row_style=&#8220;default-style&#8220; rt_row_height=&#8220;&#8220; rt_column_gaps=&#8220;&#8220; rt_row_shadows=&#8220;&#8220; rt_row_borders=&#8220;&#8220; rt_bg_effect=&#8220;classic&#8220; rt_bg_image_repeat=&#8220;repeat&#8220; rt_bg_size=&#8220;cover&#8220; rt_bg_position=&#8220;right top&#8220; rt_bg_attachment=&#8220;scroll&#8220; rt_bg_layer=&#8220;&#8220; rt_bg_video_format=&#8220;self-hosted&#8220; rt_class=&#8220;rt-7427137&#8243; rt_paddings=&#8220;,75,,&#8220; rt_margins=&#8220;,,,&#8220; rt_content_margins=&#8220;,,,&#8220; rt_tablet_paddings=&#8220;,,,&#8220; rt_tablet_margins=&#8220;,,,&#8220; rt_tablet_content_margins=&#8220;,,,&#8220; rt_sp_paddings=&#8220;,,,&#8220; rt_sp_margins=&#8220;,,,&#8220; rt_sp_content_margins=&#8220;,,,&#8220;][vc_column rt_bg_effect=&#8220;classic&#8220; rt_bg_image_repeat=&#8220;repeat&#8220; rt_bg_size=&#8220;auto auto&#8220; rt_bg_position=&#8220;right top&#8220; rt_bg_attachment=&#8220;scroll&#8220;][vc_column_text css=&#8220;&#8220;]<\/p>\n<p class=\"\" data-start=\"68\" data-end=\"414\"><strong data-start=\"68\" data-end=\"119\">Datenschutzerkl\u00e4rung von American Appliances BV<\/strong><br data-start=\"119\" data-end=\"122\" \/>American Appliances BV verarbeitet personenbezogene Daten ihrer Kunden, potenziellen Kunden und anderen Kontaktpersonen. Dies tun wir, um einen m\u00f6glichen Vertrag auszuf\u00fchren. In dieser Datenschutzerkl\u00e4rung erkl\u00e4ren wir, warum und auf welche Weise wir Ihre personenbezogenen Daten verarbeiten.<\/p>\n<p class=\"\" data-start=\"416\" data-end=\"572\">Wir haben keinen Datenschutzbeauftragten angestellt, aber bei Fragen zu unserer Datenschutzpolitik stehen wir Ihnen gerne unter <a rel=\"noopener\" data-start=\"544\" data-end=\"557\">info@am-ap.eu<\/a> zur Verf\u00fcgung.<\/p>\n<p class=\"\" data-start=\"574\" data-end=\"826\"><strong data-start=\"574\" data-end=\"644\">Welche personenbezogenen Daten verarbeitet American Appliances BV?<\/strong><br data-start=\"644\" data-end=\"647\" \/>Nachfolgend finden Sie eine \u00dcbersicht der personenbezogenen Daten, die wir je nach den von Ihnen in Anspruch genommenen Produkten oder Dienstleistungen m\u00f6glicherweise verarbeiten:<\/p>\n<ul data-start=\"828\" data-end=\"1134\">\n<li class=\"\" data-start=\"828\" data-end=\"849\">\n<p class=\"\" data-start=\"830\" data-end=\"849\">Vor- und Nachname<\/p>\n<\/li>\n<li class=\"\" data-start=\"850\" data-end=\"861\">\n<p class=\"\" data-start=\"852\" data-end=\"861\">Adresse<\/p>\n<\/li>\n<li class=\"\" data-start=\"862\" data-end=\"873\">\n<p class=\"\" data-start=\"864\" data-end=\"873\">Wohnort<\/p>\n<\/li>\n<li class=\"\" data-start=\"874\" data-end=\"891\">\n<p class=\"\" data-start=\"876\" data-end=\"891\">Telefonnummer<\/p>\n<\/li>\n<li class=\"\" data-start=\"892\" data-end=\"910\">\n<p class=\"\" data-start=\"894\" data-end=\"910\">E-Mail-Adresse<\/p>\n<\/li>\n<li class=\"\" data-start=\"911\" data-end=\"925\">\n<p class=\"\" data-start=\"913\" data-end=\"925\">Firmenname<\/p>\n<\/li>\n<li class=\"\" data-start=\"926\" data-end=\"943\">\n<p class=\"\" data-start=\"928\" data-end=\"943\">Firmenadresse<\/p>\n<\/li>\n<li class=\"\" data-start=\"944\" data-end=\"961\">\n<p class=\"\" data-start=\"946\" data-end=\"961\">Standortdaten<\/p>\n<\/li>\n<li class=\"\" data-start=\"962\" data-end=\"980\">\n<p class=\"\" data-start=\"964\" data-end=\"980\">Kontaktverlauf<\/p>\n<\/li>\n<li class=\"\" data-start=\"981\" data-end=\"1134\">\n<p class=\"\" data-start=\"983\" data-end=\"1134\">Weitere personenbezogene Daten, die Sie aktiv bereitstellen, beispielsweise durch eine Anmeldung auf unserer Website, in Korrespondenz oder telefonisch<\/p>\n<\/li>\n<\/ul>\n<p class=\"\" data-start=\"1136\" data-end=\"1368\"><strong data-start=\"1136\" data-end=\"1167\">Gesetzliche Verpflichtungen<\/strong><br data-start=\"1167\" data-end=\"1170\" \/>Ein kleiner Teil unserer Verarbeitungen ist gesetzlich vorgeschrieben. Dies betrifft insbesondere personenbezogene Daten, die erforderlich sind, um unseren steuerlichen Verpflichtungen nachzukommen.<\/p>\n<p class=\"\" data-start=\"1370\" data-end=\"1732\"><strong data-start=\"1370\" data-end=\"1397\">Newsletter und Mailings<\/strong><br data-start=\"1397\" data-end=\"1400\" \/>Gelegentlich versenden wir Newsletter und\/oder Mailings. Diese k\u00f6nnen je nach den von Ihnen get\u00e4tigten Aktionen oder den Produkten und\/oder Dienstleistungen, die Sie bei uns in Anspruch genommen haben, personalisiert sein. Sie haben jederzeit die M\u00f6glichkeit, Ihre Pr\u00e4ferenzen f\u00fcr den Erhalt von Newslettern und Mailings anzupassen.<\/p>\n<p class=\"\" data-start=\"1734\" data-end=\"1936\"><strong data-start=\"1734\" data-end=\"1773\">Automatisierte Entscheidungsfindung<\/strong><br data-start=\"1773\" data-end=\"1776\" \/>American Appliances BV trifft keine Entscheidungen auf der Grundlage automatisierter Verarbeitungen (Algorithmen), die nachteilige Folgen f\u00fcr Sie haben k\u00f6nnten.<\/p>\n<p class=\"\" data-start=\"1938\" data-end=\"2213\"><strong data-start=\"1938\" data-end=\"1973\">Rechte der betroffenen Personen<\/strong><br data-start=\"1973\" data-end=\"1976\" \/>Unter der DSGVO hat jeder eine Reihe von Rechten. Wir tun unser Bestes, um diese zu erf\u00fcllen. Haben Sie Anregungen oder Kommentare? Lassen Sie es uns wissen! Um Ihre Rechte wahrzunehmen, k\u00f6nnen Sie sich unter <a rel=\"noopener\" data-start=\"2185\" data-end=\"2198\">info@am-ap.eu<\/a> an uns wenden.<\/p>\n<ul data-start=\"2215\" data-end=\"3873\">\n<li class=\"\" data-start=\"2215\" data-end=\"2418\">\n<p class=\"\" data-start=\"2217\" data-end=\"2418\"><strong data-start=\"2217\" data-end=\"2243\">Auskunft und Einsicht:<\/strong> Selbstverst\u00e4ndlich k\u00f6nnen Sie einsehen, welche personenbezogenen Daten wir von Ihnen verarbeiten. Wir erl\u00e4utern Ihnen auch gerne, wie und warum wir diese Daten verarbeiten.<\/p>\n<\/li>\n<li class=\"\" data-start=\"2419\" data-end=\"2558\">\n<p class=\"\" data-start=\"2421\" data-end=\"2558\"><strong data-start=\"2421\" data-end=\"2438\">Berichtigung:<\/strong> Wenn Sie der Meinung sind, dass wir falsche Daten von Ihnen haben, lassen Sie es uns wissen, und wir korrigieren sie.<\/p>\n<\/li>\n<li class=\"\" data-start=\"2559\" data-end=\"2794\">\n<p class=\"\" data-start=\"2561\" data-end=\"2794\"><strong data-start=\"2561\" data-end=\"2574\">L\u00f6schung:<\/strong> Sie k\u00f6nnen die personenbezogenen Daten, die wir von Ihnen haben, l\u00f6schen lassen. Es kann jedoch sein, dass wir diese Daten aus anderen Gr\u00fcnden (z.B. f\u00fcr Verwaltung oder Duplikatkontrolle) weiterhin verarbeiten m\u00fcssen.<\/p>\n<\/li>\n<li class=\"\" data-start=\"2795\" data-end=\"2975\">\n<p class=\"\" data-start=\"2797\" data-end=\"2975\"><strong data-start=\"2797\" data-end=\"2815\">Einschr\u00e4nkung:<\/strong> Wenn Sie der Meinung sind, dass wir Ihre personenbezogenen Daten unrechtm\u00e4\u00dfig oder ungenau verarbeiten, k\u00f6nnen Sie die Verarbeitung auch einschr\u00e4nken lassen.<\/p>\n<\/li>\n<li class=\"\" data-start=\"2976\" data-end=\"3169\">\n<p class=\"\" data-start=\"2978\" data-end=\"3169\"><strong data-start=\"2978\" data-end=\"2994\">Widerspruch:<\/strong> Sie k\u00f6nnen der Verarbeitung Ihrer personenbezogenen Daten widersprechen. Handelt es sich um Marketing? Dann werden wir diese Verarbeitung so schnell wie m\u00f6glich einstellen.<\/p>\n<\/li>\n<li class=\"\" data-start=\"3170\" data-end=\"3381\">\n<p class=\"\" data-start=\"3172\" data-end=\"3381\"><strong data-start=\"3172\" data-end=\"3197\">Daten\u00fcbertragbarkeit:<\/strong> Dies ist ein neues Recht unter der DSGVO, mit dem Sie Ihre personenbezogenen Daten \u00fcbertragen k\u00f6nnen. Wenn Sie hiervon Gebrauch machen m\u00f6chten, nehmen Sie bitte Kontakt mit uns auf.<\/p>\n<\/li>\n<li class=\"\" data-start=\"3382\" data-end=\"3611\">\n<p class=\"\" data-start=\"3384\" data-end=\"3611\"><strong data-start=\"3384\" data-end=\"3410\">Zustimmung widerrufen:<\/strong> Beispielsweise f\u00fcr den Erhalt von E-Mailings. Wenn Sie die Zustimmung f\u00fcr eine andere Verarbeitung widerrufen m\u00f6chten, k\u00f6nnen Sie sich ebenfalls an uns wenden. Dies kann \u00fcber <a rel=\"noopener\" data-start=\"3586\" data-end=\"3599\">info@am-ap.eu<\/a> erfolgen.<\/p>\n<\/li>\n<li class=\"\" data-start=\"3612\" data-end=\"3873\">\n<p class=\"\" data-start=\"3614\" data-end=\"3873\"><strong data-start=\"3614\" data-end=\"3662\">Beschwerde bei der Datenschutzbeh\u00f6rde (DPA):<\/strong> Wenn Sie der Meinung sind, dass wir nicht in \u00dcbereinstimmung mit der Datenschutzgesetzgebung handeln, h\u00f6ren wir das nat\u00fcrlich gerne. Sie k\u00f6nnen nach dem 25. Mai 2018 auch eine Beschwerde bei der DPA einreichen.<\/p>\n<\/li>\n<\/ul>\n<p class=\"\" data-start=\"3875\" data-end=\"4197\"><strong data-start=\"3875\" data-end=\"3932\">Wie lange speichern wir Ihre personenbezogenen Daten?<\/strong><br data-start=\"3932\" data-end=\"3935\" \/>Personenbezogene Daten d\u00fcrfen nicht l\u00e4nger aufbewahrt werden, als dies erforderlich ist. Der Aufbewahrungszeitraum h\u00e4ngt vom Zweck ab, f\u00fcr den wir die Daten erhalten oder gesammelt haben, sowie von etwaigen gesetzlichen Verpflichtungen zur Speicherung von Daten.<\/p>\n<p class=\"\" data-start=\"4199\" data-end=\"5024\">Wenn Sie bei uns ein Angebot angefordert haben, aber kein Kunde bei uns geworden sind, werden wir Ihre Daten sp\u00e4testens zwei Jahre nach unserem letzten Kontakt l\u00f6schen. Auch wenn wir ein Angebot von Ihnen erhalten haben, aber kein Kunde von Ihnen geworden sind, werden Ihre personenbezogenen Daten sp\u00e4testens zwei Jahre nach unserem letzten Kontakt gel\u00f6scht. Sind Sie jedoch Kunde bei uns geworden oder wir bei Ihnen, werden wir Ihre personenbezogenen Daten f\u00fcr die Dauer von sieben Jahren nach dem Ende des Gesch\u00e4ftsjahres, in dem der Vertrag mit Ihnen vollst\u00e4ndig ausgef\u00fchrt wurde, aufbewahren. Die sieben Jahre entsprechen dem Zeitraum, in dem wir gesetzlich verpflichtet sind, unsere Buchhaltungsunterlagen f\u00fcr die Steuerbeh\u00f6rde aufzubewahren. Nach Ablauf dieses Zeitraums werden wir Ihre personenbezogenen Daten l\u00f6schen.<\/p>\n<p class=\"\" data-start=\"5026\" data-end=\"5451\"><strong data-start=\"5026\" data-end=\"5065\">Rechtsgrundlagen der Verarbeitungen<\/strong><br data-start=\"5065\" data-end=\"5068\" \/>Wie oben erl\u00e4utert, verarbeiten wir einige Daten zur Erf\u00fcllung einer gesetzlichen Verpflichtung, einige zur Erf\u00fcllung eines Vertrages und die meisten zur Wahrung des berechtigten Interesses von American Appliances BV: der Durchf\u00fchrung unserer Ziele. M\u00f6chten Sie mehr \u00fcber die Abw\u00e4gungen erfahren, die wir im Hinblick auf das berechtigte Interesse treffen, kontaktieren Sie uns bitte.<\/p>\n<p class=\"\" data-start=\"5453\" data-end=\"6007\"><strong data-start=\"5453\" data-end=\"5477\">Weitergabe an Dritte<\/strong><br data-start=\"5477\" data-end=\"5480\" \/>Im Zusammenhang mit der Durchf\u00fchrung eines m\u00f6glichen Vertrages mit Ihnen ist es m\u00f6glich, dass wir Ihre personenbezogenen Daten an Parteien weitergeben m\u00fcssen, die Produkte und\/oder Dienstleistungen an uns liefern oder in unserem Auftrag Arbeiten durchf\u00fchren. Au\u00dferdem nutzen wir externe Serverkapazit\u00e4ten f\u00fcr die Speicherung (Teile) unserer Verkaufs- und Einkaufsverwaltung, in denen Ihre personenbezogenen Daten enthalten sind. Aus diesem Grund werden Ihre personenbezogenen Daten an unseren Serverraum-Anbieter weitergegeben.<\/p>\n<p class=\"\" data-start=\"6009\" data-end=\"6418\"><strong data-start=\"6009\" data-end=\"6076\">Wie American Appliances BV Ihre personenbezogenen Daten sch\u00fctzt<\/strong><br data-start=\"6076\" data-end=\"6079\" \/>Wir nehmen den Schutz Ihrer Daten ernst und ergreifen angemessene Ma\u00dfnahmen, um Missbrauch, Verlust, unbefugten Zugriff, unerw\u00fcnschte Offenlegung und unbefugte \u00c4nderung zu verhindern. Wenn Sie den Eindruck haben, dass Ihre Daten nicht ausreichend gesch\u00fctzt sind oder es Hinweise auf Missbrauch gibt, wenden Sie sich bitte an <a rel=\"noopener\" data-start=\"6404\" data-end=\"6417\">info@am-ap.eu<\/a>.<\/p>\n<p class=\"\" data-start=\"6420\" data-end=\"6504\">Wir haben folgende Ma\u00dfnahmen ergriffen, um Ihre personenbezogenen Daten zu sch\u00fctzen:<\/p>\n<ul data-start=\"6506\" data-end=\"7109\">\n<li class=\"\" data-start=\"6506\" data-end=\"6648\">\n<p class=\"\" data-start=\"6508\" data-end=\"6648\">Server und Ger\u00e4te unserer Mitarbeiter sind mit aktueller Sicherheitssoftware ausgestattet, wie etwa einem Virenscanner und einer Firewall.<\/p>\n<\/li>\n<li class=\"\" data-start=\"6649\" data-end=\"6796\">\n<p class=\"\" data-start=\"6651\" data-end=\"6796\">Wir senden Ihre Daten nur \u00fcber gesicherte Internetverbindungen (SSL). Dies erkennen Sie an der Adressleiste mit &#8222;https&#8220; und dem Schloss-Symbol.<\/p>\n<\/li>\n<li class=\"\" data-start=\"6797\" data-end=\"6903\">\n<p class=\"\" data-start=\"6799\" data-end=\"6903\">Der Zugriff auf personenbezogene Daten von mobilen Ger\u00e4ten ist eingeschr\u00e4nkt und wird aktiv \u00fcberwacht.<\/p>\n<\/li>\n<li class=\"\" data-start=\"6904\" data-end=\"7109\">\n<p class=\"\" data-start=\"6906\" data-end=\"7109\">DKIM sind Internetstandards, die wir verwenden, um zu verhindern, dass Sie in unserem Namen E-Mails erhalten, die Viren enthalten, Spam sind oder darauf abzielen, pers\u00f6nliche (Anmelde-)Daten zu erlangen.<\/p>\n<\/li>\n<\/ul>\n<p>[\/vc_column_text][\/vc_column][\/vc_row]<\/p>\n","protected":false},"excerpt":{"rendered":"<p>[vc_row rt_row_background_width=&#8220;fullwidth&#8220; rt_row_content_width=&#8220;default&#8220; rt_row_style=&#8220;default-style&#8220; rt_row_height=&#8220;&#8220; rt_column_gaps=&#8220;&#8220; rt_row_shadows=&#8220;&#8220; rt_row_borders=&#8220;&#8220; rt_bg_effect=&#8220;classic&#8220; rt_bg_image_repeat=&#8220;repeat&#8220; rt_bg_size=&#8220;cover&#8220; rt_bg_position=&#8220;right top&#8220; rt_bg_attachment=&#8220;scroll&#8220; rt_bg_layer=&#8220;&#8220; rt_bg_video_format=&#8220;self-hosted&#8220; rt_class=&#8220;rt-7427137&#8243; rt_paddings=&#8220;,75,,&#8220; rt_margins=&#8220;,,,&#8220; rt_content_margins=&#8220;,,,&#8220; rt_tablet_paddings=&#8220;,,,&#8220; rt_tablet_margins=&#8220;,,,&#8220; rt_tablet_content_margins=&#8220;,,,&#8220; rt_sp_paddings=&#8220;,,,&#8220; rt_sp_margins=&#8220;,,,&#8220; rt_sp_content_margins=&#8220;,,,&#8220;][vc_column rt_bg_effect=&#8220;classic&#8220; rt_bg_image_repeat=&#8220;repeat&#8220; rt_bg_size=&#8220;auto auto&#8220; rt_bg_position=&#8220;right top&#8220; rt_bg_attachment=&#8220;scroll&#8220;][vc_column_text css=&#8220;&#8220;] Datenschutzerkl\u00e4rung von American Appliances BVAmerican Appliances BV verarbeitet personenbezogene Daten ihrer Kunden, potenziellen Kunden und anderen Kontaktpersonen. Dies tun wir, um [&hellip;]<\/p>\n","protected":false},"author":1,"featured_media":0,"parent":0,"menu_order":0,"comment_status":"closed","ping_status":"closed","template":"","meta":{"inline_featured_image":false,"footnotes":""},"class_list":["post-3000","page","type-page","status-publish","hentry"],"_links":{"self":[{"href":"https:\/\/www.american-appliances.eu\/de\/wp-json\/wp\/v2\/pages\/3000","targetHints":{"allow":["GET"]}}],"collection":[{"href":"https:\/\/www.american-appliances.eu\/de\/wp-json\/wp\/v2\/pages"}],"about":[{"href":"https:\/\/www.american-appliances.eu\/de\/wp-json\/wp\/v2\/types\/page"}],"author":[{"embeddable":true,"href":"https:\/\/www.american-appliances.eu\/de\/wp-json\/wp\/v2\/users\/1"}],"replies":[{"embeddable":true,"href":"https:\/\/www.american-appliances.eu\/de\/wp-json\/wp\/v2\/comments?post=3000"}],"version-history":[{"count":1,"href":"https:\/\/www.american-appliances.eu\/de\/wp-json\/wp\/v2\/pages\/3000\/revisions"}],"predecessor-version":[{"id":3001,"href":"https:\/\/www.american-appliances.eu\/de\/wp-json\/wp\/v2\/pages\/3000\/revisions\/3001"}],"wp:attachment":[{"href":"https:\/\/www.american-appliances.eu\/de\/wp-json\/wp\/v2\/media?parent=3000"}],"curies":[{"name":"wp","href":"https:\/\/api.w.org\/{rel}","templated":true}]}}